{"id":24330,"date":"2017-02-07T16:38:59","date_gmt":"2017-02-07T18:38:59","guid":{"rendered":"http:\/\/www.bellacamboriu.com.br\/es\/reservas-tarifas\/"},"modified":"2025-10-17T17:04:25","modified_gmt":"2025-10-17T20:04:25","slug":"reservas-tarifas","status":"publish","type":"page","link":"https:\/\/www.bellacamboriu.com.br\/es\/reservas-tarifas\/","title":{"rendered":"Reservas y Tarifas"},"content":{"rendered":"<div class=\"wpb-content-wrapper\"><p>[vc_row enable_overlay=&#8221;off&#8221; seperator_enable=&#8221;off&#8221; css=&#8221;.vc_custom_1486497597861{margin-top: 0px !important;margin-bottom: 0px !important;padding-top: 24px !important;padding-bottom: 40px !important;}&#8221;][vc_column width=&#8221;2\/3&#8243; el_class=&#8221;center&#8221;]<div class=\"boc_spacing \" style=\"height: 20px\"><\/div>[vc_column_text]<\/p>\n<h2>Reserve directamente en nuestro sitio web.<\/h2>\n<p>[\/vc_column_text][\/vc_column][vc_column width=&#8221;1\/3&#8243; el_class=&#8221;center&#8221;]<div class=\"boc_spacing \" style=\"height: 20px\"><\/div><a\thref=\"https:\/\/book.omnibees.com\/hotelresults?q=5694\" \n\t\t\t\tclass=\"button btn_huge btn_theme_color btn_circled btn_normal_style icon_pos_after btn_icon_anim_in  \"  target='_blank'><span>Reserva Online<\/span> <i class='icon icon-cart2'><\/i> <\/a>[\/vc_column][\/vc_row][vc_row][vc_column]\r\n\t\t<!--New Tabs-->\r\n\t\t<div class=\"newtabs clearfix vertical \">\r\n\t\t\t<ul class=\"resp-tabs-list\">\r\n\t\t\t<\/ul>\r\n\t\t\t<div class=\"resp-tabs-container\">\r\n\t\t<div class=\"single_tab_div\" rel-title=\"Comentarios\" rel-icon=\"icon icon-info3\"><h3 class=\"boc_heading  al_left  bgr_dotted  \"  style=\"margin-bottom: 20px;margin-top: 0px;color: #333333;\"><span><strong>Comentarios<\/strong> <\/span><\/h3>[vc_column_text css=&#8221;&#8221;]<\/p>\n<ul>\n<li>Precios por noche en reales (R$).<\/li>\n<li>Pol\u00edtica sobre menores:<\/li>\n<\/ul>\n<p>Ni\u00f1os sin cargo: un ni\u00f1o de hasta 4 a\u00f1os se aloja gratis cuando comparte habitaci\u00f3n con dos hu\u00e9spedes que pagan en la misma habitaci\u00f3n.<\/p>\n<p>Los menores sin pago no tienen derecho a cama. En el caso de beb\u00e9s, la persona responsable de la reserva puede solicitar una cuna en el momento de realizarla.<\/p>\n<p>Si el hotel tiene disponibilidad, se asignar\u00e1 un apartamento con cama supletoria para el menor sin pago.<\/p>\n<p>Cuando la familia tenga m\u00e1s de un ni\u00f1o de 4 a\u00f1os por apartamento, los menores que superen esta cantidad se considerar\u00e1n hu\u00e9spedes de pago, para que la familia pueda alojarse adecuadamente.<\/p>\n<p>Todos los ni\u00f1os deben ser mencionados en el momento de la reserva.<\/p>\n<p><strong>MUY IMPORTANTE<\/strong>: le recordamos que, de acuerdo con el Estatuto del Ni\u00f1o y del Adolescente, todos los menores deben presentar sus documentos en el momento del check-in y tener autorizaci\u00f3n de alojamiento cuando no est\u00e9n acompa\u00f1ados por sus padres o tutores legales.<\/p>\n<p>\u00b7 El desayuno est\u00e1 incluido en la tarifa diaria, cuando se sirve en el sal\u00f3n del desayuno, de 06:30 a 10:00.<\/p>\n<p>\u00b7 No cobramos tarifa de servicio.<\/p>\n<p>\u00b7 Se cobrar\u00e1 4,00 R$ por apartamento\/d\u00eda en concepto de impuesto tur\u00edstico (Room Tax).<\/p>\n<p>\u00b7 Las estancias diarias comienzan a las 14:00 y terminan a las 12:00 (mediod\u00eda).<\/p>\n<p>\u00b7 Grupos de excursi\u00f3n: las estancias diarias comienzan a las 14:00 y terminan a las 11:00, debido a la gran cantidad de apartamentos utilizados y a la necesidad de atender a los siguientes clientes en el horario contratado.<\/p>\n<p>\u00b7 El hotel no est\u00e1 preparado para recibir animales de compa\u00f1\u00eda.<\/p>\n<p>\u00b7 Aparcamiento disponible, previa reserva, por un importe de 40,00 R$ por d\u00eda y veh\u00edculo.<\/p>\n<p>\u00b7 Rogamos a los clientes que viajen con veh\u00edculos de gran tama\u00f1o (camionetas) que se pongan en contacto con el hotel para confirmar la disponibilidad de plazas, ya que existen limitaciones al tratarse de un garaje en un edificio: <a href=\"https:\/\/wa.me\/5547992615595?text=Ol%C3%A1%20vim%20pelo%20site%20Bella%20Cambori%C3%BA%20para%20tratar%20sobre%20vaga%20de%20garagem\" target=\"_blank\" rel=\"noopener\">Whatsapp: +55 47 99261-5595<\/a>[\/vc_column_text]<\/div><div class=\"single_tab_div\" rel-title=\"Condiciones de Reserva\" rel-icon=\"icon icon-list-ul\"><h3 class=\"boc_heading  al_left  bgr_dotted  \"  style=\"margin-bottom: 20px;margin-top: 0px;color: #333333;\"><span>Condiciones de <strong>Reserva<\/strong> <\/span><\/h3>[vc_column_text]<\/p>\n<ul>\n<li>Las reservas realizadas directamente con el hotel siempre requerir\u00e1n un pago por adelantado.<\/li>\n<li>Este pago se realizar\u00e1 sujeto a la condici\u00f3n de tarifa elegida.<\/li>\n<li>Se cobrar\u00e1 el primer d\u00eda 13 d\u00edas antes del check-in. Pago restante en la\u00a0llegada al hotel ( check-in).<\/li>\n<li>Para reservas realizadas desde el extranjero, la \u00fanica forma de garantizar la reserva es enviando datos de una tarjeta de cr\u00e9dito internacional. No es posible pagar en cuotas utilizando tarjetas emitidas fuera de Brasil.<\/li>\n<li>Recordamos a los clientes que es imposible realizar un pago a distancia con una tarjeta de d\u00e9bito. El sistema bancario no lo permite.<\/li>\n<\/ul>\n<p>[\/vc_column_text]<\/div><div class=\"single_tab_div\" rel-title=\"Pol\u00edtica de Cancelaci\u00f3n\" rel-icon=\"icon icon-exclamation\"><h3 class=\"boc_heading  al_left  bgr_dotted  \"  style=\"margin-bottom: 20px;margin-top: 0px;color: #333333;\"><span>Pol\u00edtica de <strong>Cancelaci\u00f3n<\/strong> <\/span><\/h3>[vc_column_text]<\/p>\n<ul>\n<li>Las reservas canceladas hasta 30 d\u00edas antes de la fecha de entrada tendr\u00e1n una multa del 10% del importe total de la reserva.\u00a0Restantes del valor ser\u00e1 (havia un n sobrando) devuelto.<\/li>\n<li>Reservas canceladas con menos de 30 d\u00edas antes de la fecha de entrada tendr\u00e1n multa de 50% del importe total de la reserva.\u00a0Restante del valor ser\u00e1 devuelto.<\/li>\n<li>Reservas que no sean canceladas formalmente hasta 02 d\u00edas antes del check-in no ser\u00e1n devueltos los valores.<\/li>\n<li>Reservas marcadas (con pago anticipado, parcial o total) se cancelar\u00e1n s\u00f3lo por correo electr\u00f3nico.\u00a0Cualquier devoluci\u00f3n de valor para el cliente ser\u00e1 posible s\u00f3lo si la solicitud de cancelaci\u00f3n por correo electr\u00f3nico (<a href=\"mailto:hotel@bellacamboriu.com.br\" target=\"_blank\" rel=\"noopener noreferrer\">hotel@bellacamboriu.com.br<\/a>) respetando siempre los plazos anteriormente mencionados.<\/li>\n<\/ul>\n<p>[\/vc_column_text]<\/div><div class=\"single_tab_div\" rel-title=\"Hospedaje de Menores\" rel-icon=\"icon icon-users2\"><h3 class=\"boc_heading  al_left  bgr_dotted  \"  style=\"margin-bottom: 20px;margin-top: 0px;color: #333333;\"><span>Hospedaje de <strong>menores<\/strong> <\/span><\/h3>[vc_column_text]<\/p>\n<ul>\n<li style=\"font-weight: 400;\" aria-level=\"1\"><span style=\"font-weight: 400;\">Menores de dieciocho a\u00f1os s\u00f3lo pueden hospedarse acompa\u00f1ados por los padres o tutor legal, previa presentaci\u00f3n de documentaci\u00f3n probatoria (documento del responsable y del menor que compruebe el parentesco -DNI o certificado de nacimiento).<\/span><\/li>\n<li style=\"font-weight: 400;\" aria-level=\"1\"><span style=\"font-weight: 400;\">Los menores acompa\u00f1ados por parientes (t\u00edos, abuelos, primos, etc.), deben presentar en el check-in, documento de identidad o certificado de nacimiento y autorizaci\u00f3n original de hospedaje por escrito de los padres, con firmas debidamente reconocidas en registro, indicando fecha de entrada y de salida, raz\u00f3n para el alojamiento de los menores y los tel\u00e9fonos de los padres para contacto. <\/span><a href=\"https:\/\/www.bellacamboriu.com.br\/wp-content\/uploads\/2021\/05\/AUTORIZA\u00c7\u00c3O-HOSPEDAGEM-Bella-Cambori\u00fa.pdf\" target=\"_blank\" rel=\"noopener noreferrer\"><span style=\"font-weight: 400;\">HAGA CLIC AQU\u00cd PARA EL MODELO DE AUTORIZACI\u00d3N\u00a0<\/span><\/a><\/li>\n<li style=\"font-weight: 400;\" aria-level=\"1\"><span style=\"font-weight: 400;\">Por la determinaci\u00f3n de Ley Federal N\u00ba 8.069, de 13\/07\/1990, es prohibido el hospedaje de menores de dieciocho a\u00f1os de edad sin estar acompa\u00f1ados por los padres, sin el documento que autoriza la estancia.<\/span><\/li>\n<li style=\"font-weight: 400;\" aria-level=\"1\"><span style=\"font-weight: 400;\">Es necesario que todos los ni\u00f1os y adolescentes presenten su documento de identidad o certificado de nacimiento en el check-in, en la ausencia de estos documentos, no ser\u00e1 posible la estancia.<\/span><\/li>\n<\/ul>\n<p>[\/vc_column_text]<\/div><\/div>\r\n\t\t\t\t<\/div>[\/vc_column][\/vc_row][vc_row full_width=&#8221;stretch_row&#8221; css=&#8221;.vc_custom_1491593572483{margin-bottom: 0px !important;padding-top: 20px !important;}&#8221;][vc_column]<div class=\"text_box white_text box_no_bgr \"><div class=\"text_box_content \"><h2>Haga su reserva online<\/h2>\r\n\t\t\t\t\t<p><\/p>\r\n\t\t\t\t<\/div><\/div>[vc_column_text][vc_row el_class=\"form_container\" full_width=\"stretch_row\" bg_type=\"bg_color\" bg_color_value=\"#004776\"]<form name=\"motor-reserva\" id=\"motor-reserva\" class=\"motor-reserva clearfix\" action=\"https:\/\/book.omnibees.com\/hotelresults\" target=\"_blank\" autocomplete=\"off\"><input type=\"hidden\" value=\"5694\" name=\"q\" \/><input type=\"hidden\" value=\"1\" name=\"NRooms\" \/><input type=\"hidden\" value=\"es\" name=\"lang\" \/><input type=\"hidden\" value=\"\" name=\"CheckIn\" id=\"CheckIn\" \/><input type=\"hidden\" value=\"\" name=\"CheckOut\" id=\"CheckOut\" \/><input type=\"hidden\" value=\"\" name=\"ag\" id=\"ag\"\/>[vc_column width=\"1\/5\"]<label for=\"_checkin\" class=\"control-label\">Entrada<\/label><input type=\"text\" id=\"_checkin\" name=\"_checkin\" class=\"from caledarioFrom datepicker\" placeholder=\"check-in\" \/>[\/vc_column][vc_column width=\"1\/5\"]<label for=\"_checkout\" class=\"control-label\">Salida<\/label><input type=\"text\" id=\"_checkout\" name=\"_checkout\" class=\"to caledarioTo datepicker\" placeholder=\"check-out\" \/>[\/vc_column][vc_column width=\"1\/5\"]<label for=\"ad\" class=\"control-label\">Adultos<\/label><select name=\"ad\" id=\"ad\" class=\"select\" placeholder=\"Adultos\">\n<option value=\"1\" selected=\"selected\">1<\/option>\n<option value=\"2\">2<\/option>\n<option value=\"3\">3<\/option>\n<option value=\"4\">4<\/option>\n<option value=\"5\">5<\/option>\n<option value=\"6\">6<\/option>\n<option value=\"7\">7<\/option>\n<option value=\"8\">8<\/option>\n<option value=\"9\">9<\/option>\n<option value=\"10\">10<\/option>\n<\/select>[\/vc_column][vc_column width=\"1\/5\" el_class=\"criancas\"]<div class=\"criancas-container\"><label for=\"ch\" class=\"control-label\">Ni&ntilde;os<\/label><select name=\"ch\" id=\"ch\" class=\"select\" placeholder=\"Ni&ntilde;os\">\n<option value=\"0\" selected=\"selected\">0<\/option>\n<option value=\"1\">1<\/option>\n<option value=\"2\">2<\/option>\n<option value=\"3\">3<\/option>\n<option value=\"4\">4<\/option>\n<option value=\"5\">5<\/option>\n<option value=\"6\">6<\/option>\n<option value=\"7\">7<\/option>\n<option value=\"8\">8<\/option>\n<option value=\"9\">9<\/option>\n<option value=\"10\">10<\/option>\n<\/select>\n<\/div>[\/vc_column][vc_column width=\"1\/5\"]<label for=\"code\" class=\"control-label\">Cod. Promoc.<\/label><input type=\"text\" id=\"Code\" name=\"Code\" class=\"promo\" placeholder=\"\" \/><input type=\"submit\" class=\"button btn_medium_stretched btn_theme_color btn_circled btn_normal_style\" style=\"margin-top: 1em;\" value=\"Reserv&aacute; aqui tu lugar\" \/>[\/vc_column]\n<\/form>[\/vc_row]\n<div class=\"crianca crianca-CC hidden\"><label class=\"control-label\">Ni&ntilde;o CC (edad)<\/label><select name=\"childrenage-CC\" id=\"childrenage-CC\" class=\"select\" placeholder=\"Ni&ntilde;o CC (edad)\">\n<option value=\"0\" selected=\"selected\">0<\/option>\n<option value=\"1\">1<\/option>\n<option value=\"2\">2<\/option>\n<option value=\"3\">3<\/option>\n<option value=\"4\">4<\/option>\n<option value=\"5\">5<\/option>\n<option value=\"6\">6<\/option>\n<option value=\"7\">7<\/option>\n<option value=\"8\">8<\/option>\n<option value=\"9\">9<\/option>\n<option value=\"10\">10<\/option>\n<option value=\"11\">11<\/option>\n<option value=\"12\">12<\/option>\n<option value=\"13\">13<\/option>\n<option value=\"14\">14<\/option>\n<option value=\"15\">15<\/option>\n<option value=\"16\">16<\/option>\n<option value=\"17\">17<\/option>\n<\/select>\n<\/div><link rel=\"stylesheet\" href=\"\/\/code.jquery.com\/ui\/1.12.1\/themes\/base\/jquery-ui.css\">\n<style>.hidden { display: none; } .crianca { margin-top: 10px; }<\/style>\n<script src=\"https:\/\/code.jquery.com\/ui\/1.12.1\/jquery-ui.js\"><\/script>\n<script>\n(function($){\n\t\/\/datepicker\n\t$.datepicker.regional['pt-BR'] = {\n\t\tcloseText: 'Fechar',\n\t\tprevText: '&#x3c;Anterior',\n\t\tnextText: 'Pr&oacute;ximo&#x3e;',\n\t\tcurrentText: 'Hoje',\n\t\tmonthNames: ['Janeiro','Fevereiro','Mar&ccedil;o','Abril','Maio','Junho',\n\t\t'Julho','Agosto','Setembro','Outubro','Novembro','Dezembro'],\n\t\tmonthNamesShort: ['Jan','Fev','Mar','Abr','Mai','Jun',\n\t\t'Jul','Ago','Set','Out','Nov','Dez'],\n\t\tdayNames: ['Domingo','Segunda-feira','Ter&ccedil;a-feira','Quarta-feira','Quinta-feira','Sexta-feira','S&aacute;bado'],\n\t\tdayNamesShort: ['Dom','Seg','Ter','Qua','Qui','Sex','S&aacute;b'],\n\t\tdayNamesMin: ['Dom','Seg','Ter','Qua','Qui','Sex','S&aacute;b'],\n\t\t\/\/dayNamesMin: ['D','S','T','Q','Q','S','S'],\n\t\tweekHeader: 'Sm',\n\t\tdateFormat: 'dd\/mm\/yy',\n\t\tfirstDay: 0,\n\t\tisRTL: false,\n\t\tshowMonthAfterYear: false,\n\t\tyearSuffix: ''};\n   \n   $.datepicker.regional.es = {\n\tcloseText: \"Cerrar\",\n\tprevText: \"&#x3C;Ant\",\n\tnextText: \"Sig&#x3E;\",\n\tcurrentText: \"Hoy\",\n\tmonthNames: [ \"enero\",\"febrero\",\"marzo\",\"abril\",\"mayo\",\"junio\",\n\t\"julio\",\"agosto\",\"septiembre\",\"octubre\",\"noviembre\",\"diciembre\" ],\n\tmonthNamesShort: [ \"ene\",\"feb\",\"mar\",\"abr\",\"may\",\"jun\",\n\t\"jul\",\"ago\",\"sep\",\"oct\",\"nov\",\"dic\" ],\n\tdayNames: [ \"domingo\",\"lunes\",\"martes\",\"mi&eacute;rcoles\",\"jueves\",\"viernes\",\"s&aacute;bado\" ],\n\tdayNamesShort: [ \"dom\",\"lun\",\"mar\",\"mi&eacute;\",\"jue\",\"vie\",\"s&aacute;b\" ],\n  dayNamesMin: [ \"dom\",\"lun\",\"mar\",\"mi&eacute;\",\"jue\",\"vie\",\"s&aacute;b\" ],\n\t\/\/dayNamesMin: [ \"D\",\"L\",\"M\",\"X\",\"J\",\"V\",\"S\" ],\n\tweekHeader: \"Sm\",\n\tdateFormat: \"dd\/mm\/yy\",\n\tfirstDay: 1,\n\tisRTL: false,\n\tshowMonthAfterYear: false,\n\tyearSuffix: \"\" };\n   \n   \n\t$.datepicker.setDefaults($.datepicker.regional['es']);\n\n\tvar _datePickerOptions = {\n\t\tchangeMonth: true,\n\t\tchangeYear: true\n\t}\n\t$(\".datepicker\").each(function() {\n\t\tvar dpEl = $(this),\n\t\t\toptions = $.extend({}, _datePickerOptions, dpEl.data()),\n\t\t\tid = dpEl.attr(\"id\");\n\t\tif (id == \"_checkin\") {\n\t\t\toptions.onSelect = function( selectedDate, dateObj ) {\n\t\t\t\tco = $(\"#_checkout\");\n\t\t\t\tco.datepicker( \"option\", \"minDate\", selectedDate );\n\t\t\t\t$(\"#CheckOut\").val(ccdUIDateToPT(co.data('datepicker')));\n\t\t\t\t$(\"#CheckIn\").val(ccdUIDateToPT(dateObj));\n\t\t\t}\n\t\t} else if (id == '_checkout') {\n\t\t\toptions.onSelect = function( selectedDate, dateObj ) {\t\t             \n\t\t\t\t$(\"#CheckOut\").val(ccdUIDateToPT(dateObj));\n\t\t\t}\n\t\t}\t\t\n\t\tdpEl.datepicker(options);\t\t\n\t});\n})(jQuery);\nfunction ccdUIDateToMysql(dateObj) {\n\tvar data = []\n\t\t, d = dateObj.currentDay.toString()\n\t\t, m = (dateObj.currentMonth + 1).toString()\n\t\t, y = dateObj.currentYear.toString()\n\t\t;\n\tif (d.length < 2) d = \"0\" + d;\n\tif (m.length < 2) m = \"0\" + m;\n\treturn y+\"-\"+m+\"-\"+d;\n}\n\n\/\/formato 05061978\nfunction ccdUIDateToPT(dateObj) {\n\tvar data = []\n\t\t, d = dateObj.currentDay.toString()\n\t\t, m = (dateObj.currentMonth + 1).toString()\n\t\t, y = dateObj.currentYear.toString()\n\t\t;\n\tif (d.length < 2) d = \"0\" + d;\n\tif (m.length < 2) m = \"0\" + m;\n\treturn d+m+y;\n}\nvar formEl = jQuery(\"#motor-reserva\")\n\nformEl.on(\"change\", '#ch', function() {\n        var formEl = jQuery(\"#motor-reserva\")\n        , novoNumCriancas = parseInt(formEl.find(\"#ch\").val())\n        , curCriancasSet = formEl.find(\".crianca\")\n        , numAtualCriancas = curCriancasSet.length\n        , html = ''\n        , i, tmp;\n\n        if (novoNumCriancas > numAtualCriancas) {\n                tmp = jQuery(\".crianca.hidden\")[0].outerHTML.replace(\" hidden\", \"\");\n                for (i=numAtualCriancas; i<novoNumCriancas; i++) {\n                        html += tmp.replace(\/CC\/g, (i+1).toString());\n                }\n                var insertAfterEl = (numAtualCriancas > 0)? curCriancasSet[numAtualCriancas - 1] : jQuery(\".criancas-container\");\n                jQuery(html).insertAfter(insertAfterEl);\n        } else if (novoNumCriancas < numAtualCriancas) {\n                for (i=novoNumCriancas+1; i<=numAtualCriancas; i++) {\n                        formEl.find(\".crianca-\"+i).remove();\n                }\n        }\n\n});\nformEl.submit(function() {\n        event.preventDefault();\n\n         var formEl = jQuery(\"#motor-reserva\")\n        , numAtualCriancas = formEl.find(\".crianca\").length\n        , ag = []\n        , toRemove = '#ad, #ch, #ag,  #_checkin, #_checkout';\n\n\n        for (i=1; i<=numAtualCriancas; i++) {\n                toRemove += ', #childrenage-' + i;\n                ag.push(formEl.find(\".crianca-\" + i + \" select\").val())\n        }\n\n        var fc = formEl.clone()\n        , hiddenInputs  = fc.find('input[type=hidden]')\n        , foundAg = false;\n\n        fc.find(toRemove).remove();\n\t\n\t\/\/remove hiddens tipo WronZHw...\n        hiddenInputs.each(function() {\n            if (foundAg) jQuery(this).remove();\n            if (jQuery(this).attr('name') == 'ag') {\n                  foundAg = true;\n            }\n        });\n\n        var qs = fc.serialize()+\"&ad=\" + formEl.find(\"#ad\").val() + \"&ch=\"+numAtualCriancas + \"&ag=\" + ag.join(\";\");\n\n        window.open(formEl.attr(\"action\") + \"?\" + qs);\n\n        return false;\n});\n\n<\/script>[\/vc_column_text][\/vc_column][\/vc_row]<\/p>\n<\/div>","protected":false},"excerpt":{"rendered":"<p>[vc_row enable_overlay=&#8221;off&#8221; seperator_enable=&#8221;off&#8221; css=&#8221;.vc_custom_1486497597861{margin-top: 0px !important;margin-bottom: 0px !important;padding-top: 24px !important;padding-bottom: 40px !important;}&#8221;][vc_column width=&#8221;2\/3&#8243; el_class=&#8221;center&#8221;][vc_column_text] Reserve directamente en nuestro sitio web. [\/vc_column_text][\/vc_column][vc_column width=&#8221;1\/3&#8243; el_class=&#8221;center&#8221;][\/vc_column][\/vc_row][vc_row][vc_column][\/vc_column][\/vc_row][vc_row full_width=&#8221;stretch_row&#8221; css=&#8221;.vc_custom_1491593572483{margin-bottom: 0px !important;padding-top: 20px !important;}&#8221;][vc_column][vc_column_text][\/vc_column_text][\/vc_column][\/vc_row]<\/p>\n","protected":false},"author":1,"featured_media":0,"parent":0,"menu_order":0,"comment_status":"closed","ping_status":"closed","template":"","meta":{"_monsterinsights_skip_tracking":false,"_monsterinsights_sitenote_active":false,"_monsterinsights_sitenote_note":"","_monsterinsights_sitenote_category":0,"footnotes":""},"class_list":["post-24330","page","type-page","status-publish","hentry"],"yoast_head":"<!-- This site is optimized with the Yoast SEO plugin v26.1.1 - https:\/\/yoast.com\/wordpress\/plugins\/seo\/ -->\n<title>Reservas y Tarifas - Hotel Bella Cambori\u00fa<\/title>\n<meta name=\"robots\" content=\"index, follow, max-snippet:-1, max-image-preview:large, max-video-preview:-1\" \/>\n<link rel=\"canonical\" href=\"https:\/\/www.bellacamboriu.com.br\/es\/reservas-tarifas\/\" \/>\n<meta property=\"og:locale\" content=\"es_ES\" \/>\n<meta property=\"og:type\" content=\"article\" \/>\n<meta property=\"og:title\" content=\"Reservas y Tarifas - Hotel Bella Cambori\u00fa\" \/>\n<meta property=\"og:description\" content=\"[vc_row enable_overlay=&#8221;off&#8221; seperator_enable=&#8221;off&#8221; css=&#8221;.vc_custom_1486497597861{margin-top: 0px !important;margin-bottom: 0px !important;padding-top: 24px !important;padding-bottom: 40px !important;}&#8221;][vc_column width=&#8221;2\/3&#8243; el_class=&#8221;center&#8221;][vc_column_text] Reserve directamente en nuestro sitio web. [\/vc_column_text][\/vc_column][vc_column width=&#8221;1\/3&#8243; el_class=&#8221;center&#8221;][\/vc_column][\/vc_row][vc_row][vc_column][\/vc_column][\/vc_row][vc_row full_width=&#8221;stretch_row&#8221; css=&#8221;.vc_custom_1491593572483{margin-bottom: 0px !important;padding-top: 20px !important;}&#8221;][vc_column][vc_column_text][\/vc_column_text][\/vc_column][\/vc_row]\" \/>\n<meta property=\"og:url\" content=\"https:\/\/www.bellacamboriu.com.br\/es\/reservas-tarifas\/\" \/>\n<meta property=\"og:site_name\" content=\"Hotel Bella Cambori\u00fa\" \/>\n<meta property=\"article:modified_time\" content=\"2025-10-17T20:04:25+00:00\" \/>\n<meta name=\"twitter:card\" content=\"summary_large_image\" \/>\n<meta name=\"twitter:label1\" content=\"Est. reading time\" \/>\n\t<meta name=\"twitter:data1\" content=\"5 minutes\" \/>\n<script type=\"application\/ld+json\" class=\"yoast-schema-graph\">{\"@context\":\"https:\/\/schema.org\",\"@graph\":[{\"@type\":\"WebPage\",\"@id\":\"https:\/\/www.bellacamboriu.com.br\/es\/reservas-tarifas\/\",\"url\":\"https:\/\/www.bellacamboriu.com.br\/es\/reservas-tarifas\/\",\"name\":\"Reservas y Tarifas - Hotel Bella Cambori\u00fa\",\"isPartOf\":{\"@id\":\"https:\/\/www.bellacamboriu.com.br\/#website\"},\"datePublished\":\"2017-02-07T18:38:59+00:00\",\"dateModified\":\"2025-10-17T20:04:25+00:00\",\"breadcrumb\":{\"@id\":\"https:\/\/www.bellacamboriu.com.br\/es\/reservas-tarifas\/#breadcrumb\"},\"inLanguage\":\"es-ES\",\"potentialAction\":[{\"@type\":\"ReadAction\",\"target\":[\"https:\/\/www.bellacamboriu.com.br\/es\/reservas-tarifas\/\"]}]},{\"@type\":\"BreadcrumbList\",\"@id\":\"https:\/\/www.bellacamboriu.com.br\/es\/reservas-tarifas\/#breadcrumb\",\"itemListElement\":[{\"@type\":\"ListItem\",\"position\":1,\"name\":\"In\u00edcio\",\"item\":\"https:\/\/www.bellacamboriu.com.br\/es\/\"},{\"@type\":\"ListItem\",\"position\":2,\"name\":\"Reservas y Tarifas\"}]},{\"@type\":\"WebSite\",\"@id\":\"https:\/\/www.bellacamboriu.com.br\/#website\",\"url\":\"https:\/\/www.bellacamboriu.com.br\/\",\"name\":\"Hotel Bella Cambori\u00fa\",\"description\":\"\",\"potentialAction\":[{\"@type\":\"SearchAction\",\"target\":{\"@type\":\"EntryPoint\",\"urlTemplate\":\"https:\/\/www.bellacamboriu.com.br\/?s={search_term_string}\"},\"query-input\":{\"@type\":\"PropertyValueSpecification\",\"valueRequired\":true,\"valueName\":\"search_term_string\"}}],\"inLanguage\":\"es-ES\"}]}<\/script>\n<!-- \/ Yoast SEO plugin. -->","yoast_head_json":{"title":"Reservas y Tarifas - Hotel Bella Cambori\u00fa","robots":{"index":"index","follow":"follow","max-snippet":"max-snippet:-1","max-image-preview":"max-image-preview:large","max-video-preview":"max-video-preview:-1"},"canonical":"https:\/\/www.bellacamboriu.com.br\/es\/reservas-tarifas\/","og_locale":"es_ES","og_type":"article","og_title":"Reservas y Tarifas - Hotel Bella Cambori\u00fa","og_description":"[vc_row enable_overlay=&#8221;off&#8221; seperator_enable=&#8221;off&#8221; css=&#8221;.vc_custom_1486497597861{margin-top: 0px !important;margin-bottom: 0px !important;padding-top: 24px !important;padding-bottom: 40px !important;}&#8221;][vc_column width=&#8221;2\/3&#8243; el_class=&#8221;center&#8221;][vc_column_text] Reserve directamente en nuestro sitio web. [\/vc_column_text][\/vc_column][vc_column width=&#8221;1\/3&#8243; el_class=&#8221;center&#8221;][\/vc_column][\/vc_row][vc_row][vc_column][\/vc_column][\/vc_row][vc_row full_width=&#8221;stretch_row&#8221; css=&#8221;.vc_custom_1491593572483{margin-bottom: 0px !important;padding-top: 20px !important;}&#8221;][vc_column][vc_column_text][\/vc_column_text][\/vc_column][\/vc_row]","og_url":"https:\/\/www.bellacamboriu.com.br\/es\/reservas-tarifas\/","og_site_name":"Hotel Bella Cambori\u00fa","article_modified_time":"2025-10-17T20:04:25+00:00","twitter_card":"summary_large_image","twitter_misc":{"Est. reading time":"5 minutes"},"schema":{"@context":"https:\/\/schema.org","@graph":[{"@type":"WebPage","@id":"https:\/\/www.bellacamboriu.com.br\/es\/reservas-tarifas\/","url":"https:\/\/www.bellacamboriu.com.br\/es\/reservas-tarifas\/","name":"Reservas y Tarifas - Hotel Bella Cambori\u00fa","isPartOf":{"@id":"https:\/\/www.bellacamboriu.com.br\/#website"},"datePublished":"2017-02-07T18:38:59+00:00","dateModified":"2025-10-17T20:04:25+00:00","breadcrumb":{"@id":"https:\/\/www.bellacamboriu.com.br\/es\/reservas-tarifas\/#breadcrumb"},"inLanguage":"es-ES","potentialAction":[{"@type":"ReadAction","target":["https:\/\/www.bellacamboriu.com.br\/es\/reservas-tarifas\/"]}]},{"@type":"BreadcrumbList","@id":"https:\/\/www.bellacamboriu.com.br\/es\/reservas-tarifas\/#breadcrumb","itemListElement":[{"@type":"ListItem","position":1,"name":"In\u00edcio","item":"https:\/\/www.bellacamboriu.com.br\/es\/"},{"@type":"ListItem","position":2,"name":"Reservas y Tarifas"}]},{"@type":"WebSite","@id":"https:\/\/www.bellacamboriu.com.br\/#website","url":"https:\/\/www.bellacamboriu.com.br\/","name":"Hotel Bella Cambori\u00fa","description":"","potentialAction":[{"@type":"SearchAction","target":{"@type":"EntryPoint","urlTemplate":"https:\/\/www.bellacamboriu.com.br\/?s={search_term_string}"},"query-input":{"@type":"PropertyValueSpecification","valueRequired":true,"valueName":"search_term_string"}}],"inLanguage":"es-ES"}]}},"_links":{"self":[{"href":"https:\/\/www.bellacamboriu.com.br\/es\/wp-json\/wp\/v2\/pages\/24330","targetHints":{"allow":["GET"]}}],"collection":[{"href":"https:\/\/www.bellacamboriu.com.br\/es\/wp-json\/wp\/v2\/pages"}],"about":[{"href":"https:\/\/www.bellacamboriu.com.br\/es\/wp-json\/wp\/v2\/types\/page"}],"author":[{"embeddable":true,"href":"https:\/\/www.bellacamboriu.com.br\/es\/wp-json\/wp\/v2\/users\/1"}],"replies":[{"embeddable":true,"href":"https:\/\/www.bellacamboriu.com.br\/es\/wp-json\/wp\/v2\/comments?post=24330"}],"version-history":[{"count":34,"href":"https:\/\/www.bellacamboriu.com.br\/es\/wp-json\/wp\/v2\/pages\/24330\/revisions"}],"predecessor-version":[{"id":49377,"href":"https:\/\/www.bellacamboriu.com.br\/es\/wp-json\/wp\/v2\/pages\/24330\/revisions\/49377"}],"wp:attachment":[{"href":"https:\/\/www.bellacamboriu.com.br\/es\/wp-json\/wp\/v2\/media?parent=24330"}],"curies":[{"name":"wp","href":"https:\/\/api.w.org\/{rel}","templated":true}]}}